{"id":26775,"date":"2026-01-26T12:58:36","date_gmt":"2026-01-26T10:58:36","guid":{"rendered":"https:\/\/artevia.ee\/?post_type=vehica_car&#038;p=26775"},"modified":"2026-01-26T12:58:36","modified_gmt":"2026-01-26T10:58:36","slug":"citroen-berlingo-1-5-75kw","status":"publish","type":"vehica_car","link":"https:\/\/artevia.ee\/ru\/listing\/citroen-berlingo-1-5-75kw\/","title":{"rendered":"Citroen Berlingo 1.5 75kW"},"content":{"rendered":"<div class=\"equipment col-1\">\n<h3 class=\"heading full\">Turva- ja ohutusvarustus<\/h3>\n<ul class=\"group full\">\n<li class=\"item\">ABS<\/li>\n<li class=\"item\">immobilisaator<\/li>\n<li class=\"item\">\u041a\u0440\u0435\u043f\u043b\u0435\u043d\u0438\u044f ISOFIX \u0434\u043b\u044f \u0434\u0435\u0442\u0441\u043a\u043e\u0433\u043e \u0441\u0438\u0434\u0435\u043d\u044c\u044f<\/li>\n<li class=\"item\">kesklukustus (puldiga)<\/li>\n<li class=\"item\">kokkup\u00f5rget ennetav piduris\u00fcsteem<\/li>\n<li class=\"item\">k\u00f5rvalistuja turvapadja v\u00e4ljal\u00fclitamise v\u00f5imalus<\/li>\n<li class=\"item\">liiklusm\u00e4rkide tuvastus ja kuvamine<\/li>\n<li class=\"item\">lisapidurituli<\/li>\n<li class=\"item\">pidurdusj\u00f5ukontroll<\/li>\n<li class=\"item\">rooliv\u00f5imendi (kiirustundlik)<\/li>\n<li class=\"item\">stabiilsuskontroll<\/li>\n<li class=\"item\">s\u00f5iduraja hoidmise abis\u00fcsteem<\/li>\n<li class=\"item\">turvakardinad<\/li>\n<li class=\"item\">turvapadi<\/li>\n<li class=\"item\">veoj\u00f5ukontroll<\/li>\n<li class=\"item\">vihmasensor<\/li>\n<\/ul>\n<h3 class=\"heading full\">Mugavusvarustus<\/h3>\n<ul class=\"group full\">\n<li class=\"item\">\u042d\u043b\u0435\u043a\u0442\u0440\u0438\u0447\u0435\u0441\u043a\u0438\u0435 \u0441\u0442\u0435\u043a\u043b\u043e\u043f\u043e\u0434\u044a\u0435\u043c\u043d\u0438\u043a\u0438<\/li>\n<li class=\"item\">elektrilised v\u00e4lispeeglid (soojendusega)<\/li>\n<li class=\"item\">kliimaautomaatik<\/li>\n<li class=\"item\">kohtvalgustid<\/li>\n<li class=\"item\">peeglid p\u00e4ikesesirmides<\/li>\n<li class=\"item\">p\u00fcsikiiruse hoidja (eess\u00f5itjaga distantsi hoidev)<\/li>\n<li class=\"item\">toonitud klaasid<\/li>\n<\/ul>\n<h3 class=\"heading full\">Sisustus<\/h3>\n<ul class=\"group full\">\n<li class=\"item\">istmed reguleeritava k\u00f5rgusega (juhiiste)<\/li>\n<li class=\"item\">jalamatid (kummist)<\/li>\n<li class=\"item\">k\u00e4etugi ees<\/li>\n<li class=\"item\">multifunktsionaalne rool<\/li>\n<li class=\"item\">pagasiruumi matt<\/li>\n<li class=\"item\">reguleeritav roolisammas (k\u00f5rgus ja s\u00fcgavus)<\/li>\n<li class=\"item\">tagaistme seljatugi allaklapitav<\/li>\n<li class=\"item\">taskud esiistmete seljatugedes<\/li>\n<li class=\"item\">tekstiilpolster<\/li>\n<li class=\"item\">topsihoidjad (ees)<\/li>\n<\/ul>\n<\/div>\n<div class=\"equipment col-2\">\n<h3 class=\"heading full\">Audio, video, kommunikatsioon<\/h3>\n<ul class=\"group full\">\n<li class=\"item\">k\u00e4ed vabad s\u00fcsteem<\/li>\n<li class=\"item\">k\u00f5larid<\/li>\n<li class=\"item\">stereo (USB pesaga, originaal)<\/li>\n<\/ul>\n<h3 class=\"heading full\">Rehvid ja veljed<\/h3>\n<ul class=\"group full\">\n<li class=\"item\">ilukilbid<\/li>\n<li class=\"item\">talverehvid (lamellrehvid)<\/li>\n<\/ul>\n<h3 class=\"heading full\">Tuled<\/h3>\n<ul class=\"group full\">\n<li class=\"item\">kurvituled<\/li>\n<li class=\"item\">p\u00e4evas\u00f5idutulede automaatne l\u00fclitus<\/li>\n<li class=\"item\">tulede korrektor<\/li>\n<li class=\"item\">udutuled (eesmised, tagumine)<\/li>\n<\/ul>\n<h3 class=\"heading full\">Muu varustus<\/h3>\n<ul class=\"group full\">\n<li class=\"item\">12V \u0440\u043e\u0437\u0435\u0442\u043a\u0438<\/li>\n<li class=\"item\">elektrilise soojendusega esiklaas<\/li>\n<li class=\"item\">kaubakinnituse konksud<\/li>\n<li class=\"item\">pagasikate<\/li>\n<li class=\"item\">reisiarvesti<\/li>\n<li class=\"item\">start-stopp s\u00fcsteem<\/li>\n<li class=\"item\">tagaklaasi puhasti<\/li>\n<li class=\"item\">tagaklaasi soojendus<\/li>\n<li class=\"item\">v\u00e4listemperatuuri n\u00e4idik<\/li>\n<\/ul>\n<\/div>","protected":false},"author":1,"featured_media":0,"template":"","vehica_6654":[2073],"vehica_6655":[2593],"vehica_6659":[2645],"vehica_6660":[2670],"vehica_6657":[],"vehica_6661":[2478],"vehica_6662":[2479],"vehica_6663":[2480],"vehica_6666":[2328],"vehica_12770":[2629],"vehica_6670":[2709,2556],"vehica_12723":[2550],"class_list":["post-26775","vehica_car","type-vehica_car","status-publish","hentry","vehica_6654-kasutatud","vehica_6655-mahtuniversaal","vehica_6659-citroen","vehica_6660-berlingo","vehica_6661-esivedu","vehica_6662-manuaal","vehica_6663-diisel","vehica_6666-valge","vehica_12770-2629","vehica_6670-teostatud-tehniline-kontroll","vehica_6670-vahetuse-voimalus-odavama-soiduki-vastu","vehica_12723-artevia-garantii"],"acf":[],"yoast_head":"<!-- This site is optimized with the Yoast SEO plugin v27.5 - https:\/\/yoast.com\/product\/yoast-seo-wordpress\/ -->\n<title>Citroen Berlingo 1.5 75kW - Artevia<\/title>\n<meta name=\"description\" content=\"Citro\u00ebn Berlingo 1.5 diisel 75kW manuaal 2018, praktiline ja \u00f6konoomne mahtuniversaal, ideaalne nii perele kui t\u00f6\u00f6ks. Hea kandev\u00f5ime ja madalad \u00fclalpidamiskulud.\" \/>\n<meta name=\"robots\" content=\"index, follow, max-snippet:-1, max-image-preview:large, max-video-preview:-1\" \/>\n<link rel=\"canonical\" href=\"https:\/\/artevia.ee\/ru\/listing\/citroen-berlingo-1-5-75kw\/\" \/>\n<meta property=\"og:locale\" content=\"ru_RU\" \/>\n<meta property=\"og:type\" content=\"article\" \/>\n<meta property=\"og:title\" content=\"Citroen Berlingo 1.5 75kW - Artevia\" \/>\n<meta property=\"og:description\" content=\"Citro\u00ebn Berlingo 1.5 diisel 75kW manuaal 2018, praktiline ja \u00f6konoomne mahtuniversaal, ideaalne nii perele kui t\u00f6\u00f6ks. Hea kandev\u00f5ime ja madalad \u00fclalpidamiskulud.\" \/>\n<meta property=\"og:url\" content=\"https:\/\/artevia.ee\/ru\/listing\/citroen-berlingo-1-5-75kw\/\" \/>\n<meta property=\"og:site_name\" content=\"Artevia\" \/>\n<meta property=\"article:publisher\" content=\"https:\/\/www.facebook.com\/Artevia.ee\" \/>\n<meta property=\"og:image\" content=\"https:\/\/artevia.ee\/wp-content\/uploads\/2023\/11\/SITE-OTSID-2.png\" \/>\n\t<meta property=\"og:image:width\" content=\"2560\" \/>\n\t<meta property=\"og:image:height\" content=\"2146\" \/>\n\t<meta property=\"og:image:type\" content=\"image\/png\" \/>\n<meta name=\"twitter:card\" content=\"summary_large_image\" \/>\n<meta name=\"twitter:label1\" content=\"\u041f\u0440\u0438\u043c\u0435\u0440\u043d\u043e\u0435 \u0432\u0440\u0435\u043c\u044f \u0434\u043b\u044f \u0447\u0442\u0435\u043d\u0438\u044f\" \/>\n\t<meta name=\"twitter:data1\" content=\"1 \u043c\u0438\u043d\u0443\u0442\u0430\" \/>\n<script type=\"application\/ld+json\" class=\"yoast-schema-graph\">{\"@context\":\"https:\\\/\\\/schema.org\",\"@graph\":[{\"@type\":\"WebPage\",\"@id\":\"https:\\\/\\\/artevia.ee\\\/listing\\\/citroen-berlingo-1-5-75kw\\\/\",\"url\":\"https:\\\/\\\/artevia.ee\\\/listing\\\/citroen-berlingo-1-5-75kw\\\/\",\"name\":\"Citroen Berlingo 1.5 75kW - Artevia\",\"isPartOf\":{\"@id\":\"https:\\\/\\\/artevia.ee\\\/#website\"},\"datePublished\":\"2026-01-26T10:58:36+00:00\",\"description\":\"Citro\u00ebn Berlingo 1.5 diisel 75kW manuaal 2018, praktiline ja \u00f6konoomne mahtuniversaal, ideaalne nii perele kui t\u00f6\u00f6ks. Hea kandev\u00f5ime ja madalad \u00fclalpidamiskulud.\",\"breadcrumb\":{\"@id\":\"https:\\\/\\\/artevia.ee\\\/listing\\\/citroen-berlingo-1-5-75kw\\\/#breadcrumb\"},\"inLanguage\":\"ru-RU\",\"potentialAction\":[{\"@type\":\"ReadAction\",\"target\":[\"https:\\\/\\\/artevia.ee\\\/listing\\\/citroen-berlingo-1-5-75kw\\\/\"]}]},{\"@type\":\"BreadcrumbList\",\"@id\":\"https:\\\/\\\/artevia.ee\\\/listing\\\/citroen-berlingo-1-5-75kw\\\/#breadcrumb\",\"itemListElement\":[{\"@type\":\"ListItem\",\"position\":1,\"name\":\"Home\",\"item\":\"https:\\\/\\\/artevia.ee\\\/\"},{\"@type\":\"ListItem\",\"position\":2,\"name\":\"Kuulutused\",\"item\":\"https:\\\/\\\/artevia.ee\\\/search\\\/\"},{\"@type\":\"ListItem\",\"position\":3,\"name\":\"Citroen\",\"item\":\"https:\\\/\\\/artevia.ee\\\/search\\\/citroen\\\/?\"},{\"@type\":\"ListItem\",\"position\":4,\"name\":\"Citroen Berlingo 1.5 75kW\"}]},{\"@type\":\"WebSite\",\"@id\":\"https:\\\/\\\/artevia.ee\\\/#website\",\"url\":\"https:\\\/\\\/artevia.ee\\\/\",\"name\":\"Artevia\",\"description\":\"Teie usaldusv&auml;&auml;rne partner kasutatud autode maailmas????\",\"publisher\":{\"@id\":\"https:\\\/\\\/artevia.ee\\\/#organization\"},\"alternateName\":\"artevia.ee\",\"potentialAction\":[{\"@type\":\"SearchAction\",\"target\":{\"@type\":\"EntryPoint\",\"urlTemplate\":\"https:\\\/\\\/artevia.ee\\\/?s={search_term_string}\"},\"query-input\":{\"@type\":\"PropertyValueSpecification\",\"valueRequired\":true,\"valueName\":\"search_term_string\"}}],\"inLanguage\":\"ru-RU\"},{\"@type\":\"Organization\",\"@id\":\"https:\\\/\\\/artevia.ee\\\/#organization\",\"name\":\"Artevia\",\"alternateName\":\"Artevia O\u00dc\",\"url\":\"https:\\\/\\\/artevia.ee\\\/\",\"logo\":{\"@type\":\"ImageObject\",\"inLanguage\":\"ru-RU\",\"@id\":\"https:\\\/\\\/artevia.ee\\\/#\\\/schema\\\/logo\\\/image\\\/\",\"url\":\"https:\\\/\\\/artevia.ee\\\/wp-content\\\/uploads\\\/2023\\\/10\\\/customcolor_logo_transparent_background.png\",\"contentUrl\":\"https:\\\/\\\/artevia.ee\\\/wp-content\\\/uploads\\\/2023\\\/10\\\/customcolor_logo_transparent_background.png\",\"width\":2560,\"height\":1536,\"caption\":\"Artevia\"},\"image\":{\"@id\":\"https:\\\/\\\/artevia.ee\\\/#\\\/schema\\\/logo\\\/image\\\/\"},\"sameAs\":[\"https:\\\/\\\/www.facebook.com\\\/Artevia.ee\",\"https:\\\/\\\/www.instagram.com\\\/artevia.ee\\\/\"]}]}<\/script>\n<!-- \/ Yoast SEO plugin. -->","yoast_head_json":{"title":"Citroen Berlingo 1.5 75kW - Artevia","description":"Citro\u00ebn Berlingo 1.5 diisel 75kW manuaal 2018, praktiline ja \u00f6konoomne mahtuniversaal, ideaalne nii perele kui t\u00f6\u00f6ks. Hea kandev\u00f5ime ja madalad \u00fclalpidamiskulud.","robots":{"index":"index","follow":"follow","max-snippet":"max-snippet:-1","max-image-preview":"max-image-preview:large","max-video-preview":"max-video-preview:-1"},"canonical":"https:\/\/artevia.ee\/ru\/listing\/citroen-berlingo-1-5-75kw\/","og_locale":"ru_RU","og_type":"article","og_title":"Citroen Berlingo 1.5 75kW - Artevia","og_description":"Citro\u00ebn Berlingo 1.5 diisel 75kW manuaal 2018, praktiline ja \u00f6konoomne mahtuniversaal, ideaalne nii perele kui t\u00f6\u00f6ks. Hea kandev\u00f5ime ja madalad \u00fclalpidamiskulud.","og_url":"https:\/\/artevia.ee\/ru\/listing\/citroen-berlingo-1-5-75kw\/","og_site_name":"Artevia","article_publisher":"https:\/\/www.facebook.com\/Artevia.ee","og_image":[{"width":2560,"height":2146,"url":"https:\/\/artevia.ee\/wp-content\/uploads\/2023\/11\/SITE-OTSID-2.png","type":"image\/png"}],"twitter_card":"summary_large_image","twitter_misc":{"\u041f\u0440\u0438\u043c\u0435\u0440\u043d\u043e\u0435 \u0432\u0440\u0435\u043c\u044f \u0434\u043b\u044f \u0447\u0442\u0435\u043d\u0438\u044f":"1 \u043c\u0438\u043d\u0443\u0442\u0430"},"schema":{"@context":"https:\/\/schema.org","@graph":[{"@type":"WebPage","@id":"https:\/\/artevia.ee\/listing\/citroen-berlingo-1-5-75kw\/","url":"https:\/\/artevia.ee\/listing\/citroen-berlingo-1-5-75kw\/","name":"Citroen Berlingo 1.5 75kW - Artevia","isPartOf":{"@id":"https:\/\/artevia.ee\/#website"},"datePublished":"2026-01-26T10:58:36+00:00","description":"Citro\u00ebn Berlingo 1.5 diisel 75kW manuaal 2018, praktiline ja \u00f6konoomne mahtuniversaal, ideaalne nii perele kui t\u00f6\u00f6ks. Hea kandev\u00f5ime ja madalad \u00fclalpidamiskulud.","breadcrumb":{"@id":"https:\/\/artevia.ee\/listing\/citroen-berlingo-1-5-75kw\/#breadcrumb"},"inLanguage":"ru-RU","potentialAction":[{"@type":"ReadAction","target":["https:\/\/artevia.ee\/listing\/citroen-berlingo-1-5-75kw\/"]}]},{"@type":"BreadcrumbList","@id":"https:\/\/artevia.ee\/listing\/citroen-berlingo-1-5-75kw\/#breadcrumb","itemListElement":[{"@type":"ListItem","position":1,"name":"Home","item":"https:\/\/artevia.ee\/"},{"@type":"ListItem","position":2,"name":"Kuulutused","item":"https:\/\/artevia.ee\/search\/"},{"@type":"ListItem","position":3,"name":"Citroen","item":"https:\/\/artevia.ee\/search\/citroen\/?"},{"@type":"ListItem","position":4,"name":"Citroen Berlingo 1.5 75kW"}]},{"@type":"WebSite","@id":"https:\/\/artevia.ee\/#website","url":"https:\/\/artevia.ee\/","name":"Artevia","description":"Teie usaldusv&auml;&auml;rne partner kasutatud autode maailmas????","publisher":{"@id":"https:\/\/artevia.ee\/#organization"},"alternateName":"artevia.ee","potentialAction":[{"@type":"SearchAction","target":{"@type":"EntryPoint","urlTemplate":"https:\/\/artevia.ee\/?s={search_term_string}"},"query-input":{"@type":"PropertyValueSpecification","valueRequired":true,"valueName":"search_term_string"}}],"inLanguage":"ru-RU"},{"@type":"Organization","@id":"https:\/\/artevia.ee\/#organization","name":"Artevia","alternateName":"Artevia O\u00dc","url":"https:\/\/artevia.ee\/","logo":{"@type":"ImageObject","inLanguage":"ru-RU","@id":"https:\/\/artevia.ee\/#\/schema\/logo\/image\/","url":"https:\/\/artevia.ee\/wp-content\/uploads\/2023\/10\/customcolor_logo_transparent_background.png","contentUrl":"https:\/\/artevia.ee\/wp-content\/uploads\/2023\/10\/customcolor_logo_transparent_background.png","width":2560,"height":1536,"caption":"Artevia"},"image":{"@id":"https:\/\/artevia.ee\/#\/schema\/logo\/image\/"},"sameAs":["https:\/\/www.facebook.com\/Artevia.ee","https:\/\/www.instagram.com\/artevia.ee\/"]}]}},"vehica_6656":{"vehica_currency_6656_2316":8590},"vehica_14696":"2018","vehica_6664":"175000","vehica_23684":"75","vehica_6665":"1.5","vehica_6671":"","vehica_6673":["https:\/\/artevia.ee\/wp-content\/uploads\/2026\/01\/IMG_4943-scaled.jpeg","https:\/\/artevia.ee\/wp-content\/uploads\/2026\/01\/IMG_4946-scaled.jpeg","https:\/\/artevia.ee\/wp-content\/uploads\/2026\/01\/IMG_4945-scaled.jpeg","https:\/\/artevia.ee\/wp-content\/uploads\/2026\/01\/IMG_4948-scaled.jpeg","https:\/\/artevia.ee\/wp-content\/uploads\/2026\/01\/IMG_4949-scaled.jpeg","https:\/\/artevia.ee\/wp-content\/uploads\/2026\/01\/IMG_4950-scaled.jpeg","https:\/\/artevia.ee\/wp-content\/uploads\/2026\/01\/IMG_4951-scaled.jpeg","https:\/\/artevia.ee\/wp-content\/uploads\/2026\/01\/IMG_4952-scaled.jpeg"],"vehica_6674":{"url":"","embed":""},"vehica_16721":"","vehica_18820":[],"vehica_23948":"","_links":{"self":[{"href":"https:\/\/artevia.ee\/ru\/wp-json\/wp\/v2\/cars\/26775","targetHints":{"allow":["GET"]}}],"collection":[{"href":"https:\/\/artevia.ee\/ru\/wp-json\/wp\/v2\/cars"}],"about":[{"href":"https:\/\/artevia.ee\/ru\/wp-json\/wp\/v2\/types\/vehica_car"}],"author":[{"embeddable":true,"href":"https:\/\/artevia.ee\/ru\/wp-json\/wp\/v2\/users\/1"}],"wp:attachment":[{"href":"https:\/\/artevia.ee\/ru\/wp-json\/wp\/v2\/media?parent=26775"}],"wp:term":[{"taxonomy":"vehica_6654","embeddable":true,"href":"https:\/\/artevia.ee\/ru\/wp-json\/wp\/v2\/vehica_6654?post=26775"},{"taxonomy":"vehica_6655","embeddable":true,"href":"https:\/\/artevia.ee\/ru\/wp-json\/wp\/v2\/vehica_6655?post=26775"},{"taxonomy":"vehica_6659","embeddable":true,"href":"https:\/\/artevia.ee\/ru\/wp-json\/wp\/v2\/vehica_6659?post=26775"},{"taxonomy":"vehica_6660","embeddable":true,"href":"https:\/\/artevia.ee\/ru\/wp-json\/wp\/v2\/vehica_6660?post=26775"},{"taxonomy":"vehica_6657","embeddable":true,"href":"https:\/\/artevia.ee\/ru\/wp-json\/wp\/v2\/vehica_6657?post=26775"},{"taxonomy":"vehica_6661","embeddable":true,"href":"https:\/\/artevia.ee\/ru\/wp-json\/wp\/v2\/vehica_6661?post=26775"},{"taxonomy":"vehica_6662","embeddable":true,"href":"https:\/\/artevia.ee\/ru\/wp-json\/wp\/v2\/vehica_6662?post=26775"},{"taxonomy":"vehica_6663","embeddable":true,"href":"https:\/\/artevia.ee\/ru\/wp-json\/wp\/v2\/vehica_6663?post=26775"},{"taxonomy":"vehica_6666","embeddable":true,"href":"https:\/\/artevia.ee\/ru\/wp-json\/wp\/v2\/vehica_6666?post=26775"},{"taxonomy":"vehica_12770","embeddable":true,"href":"https:\/\/artevia.ee\/ru\/wp-json\/wp\/v2\/vehica_12770?post=26775"},{"taxonomy":"vehica_6670","embeddable":true,"href":"https:\/\/artevia.ee\/ru\/wp-json\/wp\/v2\/vehica_6670?post=26775"},{"taxonomy":"vehica_12723","embeddable":true,"href":"https:\/\/artevia.ee\/ru\/wp-json\/wp\/v2\/vehica_12723?post=26775"}],"curies":[{"name":"wp","href":"https:\/\/api.w.org\/{rel}","templated":true}]}}