{"id":25727,"date":"2025-01-13T12:11:53","date_gmt":"2025-01-13T10:11:53","guid":{"rendered":"https:\/\/artevia.ee\/?post_type=vehica_car&#038;p=25727"},"modified":"2026-01-26T13:53:47","modified_gmt":"2026-01-26T11:53:47","slug":"opel-astra-facelift-1-2-81kw","status":"publish","type":"vehica_car","link":"https:\/\/artevia.ee\/ru\/listing\/opel-astra-facelift-1-2-81kw\/","title":{"rendered":"Opel Astra FACELIFT 1.2 81kW"},"content":{"rendered":"<div class=\"equipment col-1\">\n<h3 class=\"heading full\">Turva- ja ohutusvarustus<\/h3>\n<ul class=\"group full\">\n<li class=\"item\">ABS<\/li>\n<li class=\"item\">elektrooniline seisupidur<\/li>\n<li class=\"item\">immobilisaator<\/li>\n<li class=\"item\">\u041a\u0440\u0435\u043f\u043b\u0435\u043d\u0438\u044f ISOFIX \u0434\u043b\u044f \u0434\u0435\u0442\u0441\u043a\u043e\u0433\u043e \u0441\u0438\u0434\u0435\u043d\u044c\u044f<\/li>\n<li class=\"item\">kesklukustus (puldiga)<\/li>\n<li class=\"item\">k\u00f5rvalistuja turvapadja v\u00e4ljal\u00fclitamise v\u00f5imalus<\/li>\n<li class=\"item\">lisapidurituli<\/li>\n<li class=\"item\">pidurdusj\u00f5ukontroll<\/li>\n<li class=\"item\">rooliv\u00f5imendi (kiirustundlik)<\/li>\n<li class=\"item\">stabiilsuskontroll<\/li>\n<li class=\"item\">turvakardinad<\/li>\n<li class=\"item\">turvapadi<\/li>\n<li class=\"item\">veoj\u00f5ukontroll<\/li>\n<li class=\"item\">vihmasensor<\/li>\n<\/ul>\n<h3 class=\"heading full\">Mugavusvarustus<\/h3>\n<ul class=\"group full\">\n<li class=\"item\">2x peeglid p\u00e4ikesesirmides (valgustusega)<\/li>\n<li class=\"item\">4x elektrilised akende t\u00f5stukid<\/li>\n<li class=\"item\">\u0424\u0443\u043d\u043a\u0446\u0438\u044f Coming-\/Leaving-Home<\/li>\n<li class=\"item\">elektrilised v\u00e4lispeeglid (soojendusega)<\/li>\n<li class=\"item\">kliimaautomaatik<\/li>\n<li class=\"item\">kohtvalgustid<\/li>\n<li class=\"item\">parkimiskaamera<\/li>\n<li class=\"item\">p\u00fcsikiiruse hoidja<\/li>\n<li class=\"item\">toonitud klaasid<\/li>\n<\/ul>\n<h3 class=\"heading full\">Sisustus<\/h3>\n<ul class=\"group full\">\n<li class=\"item\">\u041f\u043e\u0434\u043e\u0433\u0440\u0435\u0432 \u0441\u0438\u0434\u0435\u043d\u0438\u0439<\/li>\n<li class=\"item\">jalamatid (kummist)<\/li>\n<li class=\"item\">k\u00e4etugi ees (laekaga)<\/li>\n<li class=\"item\">k\u00e4etugi taga (laekaga)<\/li>\n<li class=\"item\">multifunktsionaalne rool<\/li>\n<li class=\"item\">nahkkattega k\u00e4igukanginupp<\/li>\n<li class=\"item\">nahkkattega rool<\/li>\n<li class=\"item\">reguleeritav roolisammas (k\u00f5rgus ja s\u00fcgavus)<\/li>\n<li class=\"item\">soojendusega rool<\/li>\n<li class=\"item\">tagaistme seljatugi allaklapitav<\/li>\n<li class=\"item\">tekstiilpolster<\/li>\n<li class=\"item\">topsihoidjad (ees, taga)<\/li>\n<\/ul>\n<\/div>\n<div class=\"equipment col-2\">\n<h3 class=\"heading full\">Audio, video, kommunikatsioon<\/h3>\n<ul class=\"group full\">\n<li class=\"item\">autokompuuter<\/li>\n<li class=\"item\">ekraan (ees)<\/li>\n<li class=\"item\">k\u00e4ed vabad s\u00fcsteem<\/li>\n<li class=\"item\">k\u00f5larid<\/li>\n<li class=\"item\">navigatsiooniseade<\/li>\n<li class=\"item\">stereo (MP3, USB pesaga, originaal)<\/li>\n<\/ul>\n<h3 class=\"heading full\">Rehvid ja veljed<\/h3>\n<ul class=\"group full\">\n<li class=\"item\">rehvir\u00f5hu kontrolls\u00fcsteem<\/li>\n<li class=\"item\">talverehvid (lamellrehvid)<\/li>\n<li class=\"item\">valuveljed (OPEL)<\/li>\n<\/ul>\n<h3 class=\"heading full\">Tuled<\/h3>\n<ul class=\"group full\">\n<li class=\"item\">kurvituled<\/li>\n<li class=\"item\">LED (p\u00e4evatuled, tagatuled, l\u00e4hituled, kaugtuled)<\/li>\n<li class=\"item\">p\u00e4evas\u00f5idutulede automaatne l\u00fclitus<\/li>\n<li class=\"item\">tulede korrektor<\/li>\n<li class=\"item\">udutuled (eesmised, tagumine, kurvitule funktsiooniga)<\/li>\n<\/ul>\n<h3 class=\"heading full\">Muu varustus<\/h3>\n<ul class=\"group full\">\n<li class=\"item\">12V \u0440\u043e\u0437\u0435\u0442\u043a\u0438<\/li>\n<li class=\"item\">kaubakinnituse konksud<\/li>\n<li class=\"item\">pagasikate<\/li>\n<li class=\"item\">pagasi v\u00f5rk pakiruumis<\/li>\n<li class=\"item\">paigaldatud tulekustuti<\/li>\n<li class=\"item\">reisiarvesti<\/li>\n<li class=\"item\">salongi ja pakiruumi eraldusv\u00f5rk<\/li>\n<li class=\"item\">start-stopp s\u00fcsteem<\/li>\n<li class=\"item\">tagaklaasi puhasti<\/li>\n<li class=\"item\">tagaklaasi soojendus<\/li>\n<li class=\"item\">veokonks (teisaldatav)<\/li>\n<li class=\"item\">v\u00e4listemperatuuri n\u00e4idik<\/li>\n<li class=\"item\">2 \u043a\u043b\u044e\u0447\u0430<\/li>\n<\/ul>\n<\/div>","protected":false},"author":1,"featured_media":0,"template":"","vehica_6654":[2073],"vehica_6655":[2362],"vehica_6659":[2616],"vehica_6660":[2675],"vehica_6657":[],"vehica_6661":[2478],"vehica_6662":[2479],"vehica_6663":[2107],"vehica_6666":[2481],"vehica_12770":[2398],"vehica_6670":[2671,2580,2556],"vehica_12723":[2550],"class_list":["post-25727","vehica_car","type-vehica_car","status-publish","hentry","vehica_6654-kasutatud","vehica_6655-universaal","vehica_6659-opel","vehica_6660-astra","vehica_6661-esivedu","vehica_6662-manuaal","vehica_6663-bensiin","vehica_6666-hall","vehica_12770-2398","vehica_6670-omanikuvahetus-hinna-sees","vehica_6670-teostatud-tehniline-kontroll-ja-hooldus","vehica_6670-vahetuse-voimalus-odavama-soiduki-vastu","vehica_12723-artevia-garantii"],"acf":[],"yoast_head":"<!-- This site is optimized with the Yoast SEO plugin v27.5 - https:\/\/yoast.com\/product\/yoast-seo-wordpress\/ -->\n<title>Opel Astra FACELIFT 1.2 81kW - Artevia<\/title>\n<meta name=\"description\" content=\"Artevia \u2013 Usaldusv\u00e4\u00e4rsed ja hooldatud kasutatud autod!Oleme p\u00fchendunud pakkuma kvaliteetseid s\u00f5idukeid koos garantiiga. Vahetusv\u00f5imalus, komisjonim\u00fc\u00fck ja paindlik finantseerimine. Teie kindel partner autovalikul!\" \/>\n<meta name=\"robots\" content=\"index, follow, max-snippet:-1, max-image-preview:large, max-video-preview:-1\" \/>\n<link rel=\"canonical\" href=\"https:\/\/artevia.ee\/ru\/listing\/opel-astra-facelift-1-2-81kw\/\" \/>\n<meta property=\"og:locale\" content=\"ru_RU\" \/>\n<meta property=\"og:type\" content=\"article\" \/>\n<meta property=\"og:title\" content=\"Opel Astra FACELIFT 1.2 81kW - Artevia\" \/>\n<meta property=\"og:description\" content=\"Artevia \u2013 Usaldusv\u00e4\u00e4rsed ja hooldatud kasutatud autod!Oleme p\u00fchendunud pakkuma kvaliteetseid s\u00f5idukeid koos garantiiga. Vahetusv\u00f5imalus, komisjonim\u00fc\u00fck ja paindlik finantseerimine. Teie kindel partner autovalikul!\" \/>\n<meta property=\"og:url\" content=\"https:\/\/artevia.ee\/ru\/listing\/opel-astra-facelift-1-2-81kw\/\" \/>\n<meta property=\"og:site_name\" content=\"Artevia\" \/>\n<meta property=\"article:publisher\" content=\"https:\/\/www.facebook.com\/Artevia.ee\" \/>\n<meta property=\"article:modified_time\" content=\"2026-01-26T11:53:47+00:00\" \/>\n<meta property=\"og:image\" content=\"https:\/\/artevia.ee\/wp-content\/uploads\/2023\/11\/SITE-OTSID-2.png\" \/>\n\t<meta property=\"og:image:width\" content=\"2560\" \/>\n\t<meta property=\"og:image:height\" content=\"2146\" \/>\n\t<meta property=\"og:image:type\" content=\"image\/png\" \/>\n<meta name=\"twitter:card\" content=\"summary_large_image\" \/>\n<meta name=\"twitter:label1\" content=\"\u041f\u0440\u0438\u043c\u0435\u0440\u043d\u043e\u0435 \u0432\u0440\u0435\u043c\u044f \u0434\u043b\u044f \u0447\u0442\u0435\u043d\u0438\u044f\" \/>\n\t<meta name=\"twitter:data1\" content=\"1 \u043c\u0438\u043d\u0443\u0442\u0430\" \/>\n<script type=\"application\/ld+json\" class=\"yoast-schema-graph\">{\"@context\":\"https:\\\/\\\/schema.org\",\"@graph\":[{\"@type\":\"WebPage\",\"@id\":\"https:\\\/\\\/artevia.ee\\\/listing\\\/opel-astra-facelift-1-2-81kw\\\/\",\"url\":\"https:\\\/\\\/artevia.ee\\\/listing\\\/opel-astra-facelift-1-2-81kw\\\/\",\"name\":\"Opel Astra FACELIFT 1.2 81kW - Artevia\",\"isPartOf\":{\"@id\":\"https:\\\/\\\/artevia.ee\\\/#website\"},\"datePublished\":\"2025-01-13T10:11:53+00:00\",\"dateModified\":\"2026-01-26T11:53:47+00:00\",\"description\":\"Artevia \u2013 Usaldusv\u00e4\u00e4rsed ja hooldatud kasutatud autod!Oleme p\u00fchendunud pakkuma kvaliteetseid s\u00f5idukeid koos garantiiga. Vahetusv\u00f5imalus, komisjonim\u00fc\u00fck ja paindlik finantseerimine. Teie kindel partner autovalikul!\",\"breadcrumb\":{\"@id\":\"https:\\\/\\\/artevia.ee\\\/listing\\\/opel-astra-facelift-1-2-81kw\\\/#breadcrumb\"},\"inLanguage\":\"ru-RU\",\"potentialAction\":[{\"@type\":\"ReadAction\",\"target\":[\"https:\\\/\\\/artevia.ee\\\/listing\\\/opel-astra-facelift-1-2-81kw\\\/\"]}]},{\"@type\":\"BreadcrumbList\",\"@id\":\"https:\\\/\\\/artevia.ee\\\/listing\\\/opel-astra-facelift-1-2-81kw\\\/#breadcrumb\",\"itemListElement\":[{\"@type\":\"ListItem\",\"position\":1,\"name\":\"Home\",\"item\":\"https:\\\/\\\/artevia.ee\\\/\"},{\"@type\":\"ListItem\",\"position\":2,\"name\":\"Kuulutused\",\"item\":\"https:\\\/\\\/artevia.ee\\\/search\\\/\"},{\"@type\":\"ListItem\",\"position\":3,\"name\":\"Opel\",\"item\":\"https:\\\/\\\/artevia.ee\\\/search\\\/opel\\\/?\"},{\"@type\":\"ListItem\",\"position\":4,\"name\":\"Opel Astra FACELIFT 1.2 81kW\"}]},{\"@type\":\"WebSite\",\"@id\":\"https:\\\/\\\/artevia.ee\\\/#website\",\"url\":\"https:\\\/\\\/artevia.ee\\\/\",\"name\":\"Artevia\",\"description\":\"Teie usaldusv&auml;&auml;rne partner kasutatud autode maailmas????\",\"publisher\":{\"@id\":\"https:\\\/\\\/artevia.ee\\\/#organization\"},\"alternateName\":\"artevia.ee\",\"potentialAction\":[{\"@type\":\"SearchAction\",\"target\":{\"@type\":\"EntryPoint\",\"urlTemplate\":\"https:\\\/\\\/artevia.ee\\\/?s={search_term_string}\"},\"query-input\":{\"@type\":\"PropertyValueSpecification\",\"valueRequired\":true,\"valueName\":\"search_term_string\"}}],\"inLanguage\":\"ru-RU\"},{\"@type\":\"Organization\",\"@id\":\"https:\\\/\\\/artevia.ee\\\/#organization\",\"name\":\"Artevia\",\"alternateName\":\"Artevia O\u00dc\",\"url\":\"https:\\\/\\\/artevia.ee\\\/\",\"logo\":{\"@type\":\"ImageObject\",\"inLanguage\":\"ru-RU\",\"@id\":\"https:\\\/\\\/artevia.ee\\\/#\\\/schema\\\/logo\\\/image\\\/\",\"url\":\"https:\\\/\\\/artevia.ee\\\/wp-content\\\/uploads\\\/2023\\\/10\\\/customcolor_logo_transparent_background.png\",\"contentUrl\":\"https:\\\/\\\/artevia.ee\\\/wp-content\\\/uploads\\\/2023\\\/10\\\/customcolor_logo_transparent_background.png\",\"width\":2560,\"height\":1536,\"caption\":\"Artevia\"},\"image\":{\"@id\":\"https:\\\/\\\/artevia.ee\\\/#\\\/schema\\\/logo\\\/image\\\/\"},\"sameAs\":[\"https:\\\/\\\/www.facebook.com\\\/Artevia.ee\",\"https:\\\/\\\/www.instagram.com\\\/artevia.ee\\\/\"]}]}<\/script>\n<!-- \/ Yoast SEO plugin. -->","yoast_head_json":{"title":"Opel Astra FACELIFT 1.2 81kW - Artevia","description":"Artevia \u2013 Usaldusv\u00e4\u00e4rsed ja hooldatud kasutatud autod!Oleme p\u00fchendunud pakkuma kvaliteetseid s\u00f5idukeid koos garantiiga. Vahetusv\u00f5imalus, komisjonim\u00fc\u00fck ja paindlik finantseerimine. Teie kindel partner autovalikul!","robots":{"index":"index","follow":"follow","max-snippet":"max-snippet:-1","max-image-preview":"max-image-preview:large","max-video-preview":"max-video-preview:-1"},"canonical":"https:\/\/artevia.ee\/ru\/listing\/opel-astra-facelift-1-2-81kw\/","og_locale":"ru_RU","og_type":"article","og_title":"Opel Astra FACELIFT 1.2 81kW - Artevia","og_description":"Artevia \u2013 Usaldusv\u00e4\u00e4rsed ja hooldatud kasutatud autod!Oleme p\u00fchendunud pakkuma kvaliteetseid s\u00f5idukeid koos garantiiga. Vahetusv\u00f5imalus, komisjonim\u00fc\u00fck ja paindlik finantseerimine. Teie kindel partner autovalikul!","og_url":"https:\/\/artevia.ee\/ru\/listing\/opel-astra-facelift-1-2-81kw\/","og_site_name":"Artevia","article_publisher":"https:\/\/www.facebook.com\/Artevia.ee","article_modified_time":"2026-01-26T11:53:47+00:00","og_image":[{"width":2560,"height":2146,"url":"https:\/\/artevia.ee\/wp-content\/uploads\/2023\/11\/SITE-OTSID-2.png","type":"image\/png"}],"twitter_card":"summary_large_image","twitter_misc":{"\u041f\u0440\u0438\u043c\u0435\u0440\u043d\u043e\u0435 \u0432\u0440\u0435\u043c\u044f \u0434\u043b\u044f \u0447\u0442\u0435\u043d\u0438\u044f":"1 \u043c\u0438\u043d\u0443\u0442\u0430"},"schema":{"@context":"https:\/\/schema.org","@graph":[{"@type":"WebPage","@id":"https:\/\/artevia.ee\/listing\/opel-astra-facelift-1-2-81kw\/","url":"https:\/\/artevia.ee\/listing\/opel-astra-facelift-1-2-81kw\/","name":"Opel Astra FACELIFT 1.2 81kW - Artevia","isPartOf":{"@id":"https:\/\/artevia.ee\/#website"},"datePublished":"2025-01-13T10:11:53+00:00","dateModified":"2026-01-26T11:53:47+00:00","description":"Artevia \u2013 Usaldusv\u00e4\u00e4rsed ja hooldatud kasutatud autod!Oleme p\u00fchendunud pakkuma kvaliteetseid s\u00f5idukeid koos garantiiga. Vahetusv\u00f5imalus, komisjonim\u00fc\u00fck ja paindlik finantseerimine. Teie kindel partner autovalikul!","breadcrumb":{"@id":"https:\/\/artevia.ee\/listing\/opel-astra-facelift-1-2-81kw\/#breadcrumb"},"inLanguage":"ru-RU","potentialAction":[{"@type":"ReadAction","target":["https:\/\/artevia.ee\/listing\/opel-astra-facelift-1-2-81kw\/"]}]},{"@type":"BreadcrumbList","@id":"https:\/\/artevia.ee\/listing\/opel-astra-facelift-1-2-81kw\/#breadcrumb","itemListElement":[{"@type":"ListItem","position":1,"name":"Home","item":"https:\/\/artevia.ee\/"},{"@type":"ListItem","position":2,"name":"Kuulutused","item":"https:\/\/artevia.ee\/search\/"},{"@type":"ListItem","position":3,"name":"Opel","item":"https:\/\/artevia.ee\/search\/opel\/?"},{"@type":"ListItem","position":4,"name":"Opel Astra FACELIFT 1.2 81kW"}]},{"@type":"WebSite","@id":"https:\/\/artevia.ee\/#website","url":"https:\/\/artevia.ee\/","name":"Artevia","description":"Teie usaldusv&auml;&auml;rne partner kasutatud autode maailmas????","publisher":{"@id":"https:\/\/artevia.ee\/#organization"},"alternateName":"artevia.ee","potentialAction":[{"@type":"SearchAction","target":{"@type":"EntryPoint","urlTemplate":"https:\/\/artevia.ee\/?s={search_term_string}"},"query-input":{"@type":"PropertyValueSpecification","valueRequired":true,"valueName":"search_term_string"}}],"inLanguage":"ru-RU"},{"@type":"Organization","@id":"https:\/\/artevia.ee\/#organization","name":"Artevia","alternateName":"Artevia O\u00dc","url":"https:\/\/artevia.ee\/","logo":{"@type":"ImageObject","inLanguage":"ru-RU","@id":"https:\/\/artevia.ee\/#\/schema\/logo\/image\/","url":"https:\/\/artevia.ee\/wp-content\/uploads\/2023\/10\/customcolor_logo_transparent_background.png","contentUrl":"https:\/\/artevia.ee\/wp-content\/uploads\/2023\/10\/customcolor_logo_transparent_background.png","width":2560,"height":1536,"caption":"Artevia"},"image":{"@id":"https:\/\/artevia.ee\/#\/schema\/logo\/image\/"},"sameAs":["https:\/\/www.facebook.com\/Artevia.ee","https:\/\/www.instagram.com\/artevia.ee\/"]}]}},"vehica_6656":{"vehica_currency_6656_2316":9900},"vehica_14696":"2021","vehica_6664":"64000","vehica_23684":"81","vehica_6665":"1.2","vehica_6671":"","vehica_6673":["https:\/\/artevia.ee\/wp-content\/uploads\/2025\/01\/IMG_0279-scaled.jpg","https:\/\/artevia.ee\/wp-content\/uploads\/2025\/01\/IMG_0280-scaled.jpg","https:\/\/artevia.ee\/wp-content\/uploads\/2025\/01\/IMG_0281-scaled.jpg","https:\/\/artevia.ee\/wp-content\/uploads\/2025\/01\/IMG_0282-scaled.jpg","https:\/\/artevia.ee\/wp-content\/uploads\/2025\/01\/IMG_0283-scaled.jpg","https:\/\/artevia.ee\/wp-content\/uploads\/2025\/01\/IMG_0284-scaled.jpg","https:\/\/artevia.ee\/wp-content\/uploads\/2025\/01\/IMG_0286-scaled.jpg","https:\/\/artevia.ee\/wp-content\/uploads\/2025\/01\/IMG_0289-scaled.jpg","https:\/\/artevia.ee\/wp-content\/uploads\/2025\/01\/IMG_0299-scaled.jpg"],"vehica_6674":{"url":"","embed":""},"vehica_16721":"","vehica_18820":[],"vehica_23948":"","_links":{"self":[{"href":"https:\/\/artevia.ee\/ru\/wp-json\/wp\/v2\/cars\/25727","targetHints":{"allow":["GET"]}}],"collection":[{"href":"https:\/\/artevia.ee\/ru\/wp-json\/wp\/v2\/cars"}],"about":[{"href":"https:\/\/artevia.ee\/ru\/wp-json\/wp\/v2\/types\/vehica_car"}],"author":[{"embeddable":true,"href":"https:\/\/artevia.ee\/ru\/wp-json\/wp\/v2\/users\/1"}],"wp:attachment":[{"href":"https:\/\/artevia.ee\/ru\/wp-json\/wp\/v2\/media?parent=25727"}],"wp:term":[{"taxonomy":"vehica_6654","embeddable":true,"href":"https:\/\/artevia.ee\/ru\/wp-json\/wp\/v2\/vehica_6654?post=25727"},{"taxonomy":"vehica_6655","embeddable":true,"href":"https:\/\/artevia.ee\/ru\/wp-json\/wp\/v2\/vehica_6655?post=25727"},{"taxonomy":"vehica_6659","embeddable":true,"href":"https:\/\/artevia.ee\/ru\/wp-json\/wp\/v2\/vehica_6659?post=25727"},{"taxonomy":"vehica_6660","embeddable":true,"href":"https:\/\/artevia.ee\/ru\/wp-json\/wp\/v2\/vehica_6660?post=25727"},{"taxonomy":"vehica_6657","embeddable":true,"href":"https:\/\/artevia.ee\/ru\/wp-json\/wp\/v2\/vehica_6657?post=25727"},{"taxonomy":"vehica_6661","embeddable":true,"href":"https:\/\/artevia.ee\/ru\/wp-json\/wp\/v2\/vehica_6661?post=25727"},{"taxonomy":"vehica_6662","embeddable":true,"href":"https:\/\/artevia.ee\/ru\/wp-json\/wp\/v2\/vehica_6662?post=25727"},{"taxonomy":"vehica_6663","embeddable":true,"href":"https:\/\/artevia.ee\/ru\/wp-json\/wp\/v2\/vehica_6663?post=25727"},{"taxonomy":"vehica_6666","embeddable":true,"href":"https:\/\/artevia.ee\/ru\/wp-json\/wp\/v2\/vehica_6666?post=25727"},{"taxonomy":"vehica_12770","embeddable":true,"href":"https:\/\/artevia.ee\/ru\/wp-json\/wp\/v2\/vehica_12770?post=25727"},{"taxonomy":"vehica_6670","embeddable":true,"href":"https:\/\/artevia.ee\/ru\/wp-json\/wp\/v2\/vehica_6670?post=25727"},{"taxonomy":"vehica_12723","embeddable":true,"href":"https:\/\/artevia.ee\/ru\/wp-json\/wp\/v2\/vehica_12723?post=25727"}],"curies":[{"name":"wp","href":"https:\/\/api.w.org\/{rel}","templated":true}]}}