{"id":24888,"date":"2024-01-18T12:01:30","date_gmt":"2024-01-18T10:01:30","guid":{"rendered":"https:\/\/artevia.ee\/?post_type=vehica_car&#038;p=24888"},"modified":"2024-05-29T09:27:39","modified_gmt":"2024-05-29T07:27:39","slug":"mercedes-benz-c-220-avantgarde-facelift-2-1-120kw","status":"publish","type":"vehica_car","link":"https:\/\/artevia.ee\/ru\/listing\/mercedes-benz-c-220-avantgarde-facelift-2-1-120kw\/","title":{"rendered":"Mercedes-Benz C 220 AVANTGARDE FACELIFT 2.1 120kW"},"content":{"rendered":"<div class=\"equipment col-1\">\n<h3 class=\"heading full\">\u0411\u0435\u0437\u043e\u043f\u0430\u0441\u043d\u043e\u0441\u0442\u044c \u0438 \u0441\u0440\u0435\u0434\u0441\u0442\u0432\u0430 \u0437\u0430\u0449\u0438\u0442\u044b<\/h3>\n<ul class=\"group full\">\n<li class=\"item\">ABS<\/li>\n<li class=\"item\">\u0418\u043c\u043c\u043e\u0431\u0438\u043b\u0430\u0439\u0437\u0435\u0440<\/li>\n<li class=\"item\">\u041a\u0440\u0435\u043f\u043b\u0435\u043d\u0438\u044f ISOFIX \u0434\u043b\u044f \u0434\u0435\u0442\u0441\u043a\u043e\u0433\u043e \u0441\u0438\u0434\u0435\u043d\u044c\u044f<\/li>\n<li class=\"item\">\u0426\u0435\u043d\u0442\u0440\u0430\u043b\u044c\u043d\u044b\u0439 \u0437\u0430\u043c\u043e\u043a<\/li>\n<li class=\"item\">\u0412\u043e\u0437\u043c\u043e\u0436\u043d\u043e\u0441\u0442\u044c \u043e\u0442\u043a\u043b\u044e\u0447\u0435\u043d\u0438\u044f \u043f\u043e\u0434\u0443\u0448\u043a\u0438 \u0431\u0435\u0437\u043e\u043f\u0430\u0441\u043d\u043e\u0441\u0442\u0438 \u043f\u0430\u0441\u0441\u0430\u0436\u0438\u0440\u0430<\/li>\n<li class=\"item\">\u0414\u043e\u043f\u043e\u043b\u043d\u0438\u0442\u0435\u043b\u044c\u043d\u044b\u0439 \u0441\u0442\u043e\u043f-\u0441\u0438\u0433\u043d\u0430\u043b<\/li>\n<li class=\"item\">\u0421\u0438\u0441\u0442\u0435\u043c\u0430 \u043a\u043e\u043d\u0442\u0440\u043e\u043b\u044f \u0442\u043e\u0440\u043c\u043e\u0436\u0435\u043d\u0438\u044f<\/li>\n<li class=\"item\">Rooliv\u00f5imendi (kiirustundlik)<\/li>\n<li class=\"item\">\u0421\u0438\u0441\u0442\u0435\u043c\u0430 \u043a\u0443\u0440\u0441\u043e\u0432\u043e\u0439 \u0443\u0441\u0442\u043e\u0439\u0447\u0438\u0432\u043e\u0441\u0442\u0438<\/li>\n<li class=\"item\">Turvakardinad<\/li>\n<li class=\"item\">\u041f\u043e\u0434\u0443\u0448\u043a\u0430 \u0431\u0435\u0437\u043e\u043f\u0430\u0441\u043d\u043e\u0441\u0442\u0438<\/li>\n<li class=\"item\">\u0421\u0438\u0441\u0442\u0435\u043c\u0430 \u043a\u043e\u043d\u0442\u0440\u043e\u043b\u044f \u0442\u044f\u0433\u0438<\/li>\n<li class=\"item\">\u0414\u0430\u0442\u0447\u0438\u043a \u0434\u043e\u0436\u0434\u044f<\/li>\n<\/ul>\n<h3 class=\"heading full\">\u041a\u043e\u043c\u0444\u043e\u0440\u0442\u043d\u043e\u0435 \u043e\u0441\u043d\u0430\u0449\u0435\u043d\u0438\u0435<\/h3>\n<ul class=\"group full\">\n<li class=\"item\">2x peeglid p\u00e4ikesesirmides (valgustusega)<\/li>\n<li class=\"item\">4x elektrilised akende t\u00f5stukid<\/li>\n<li class=\"item\">Elektrilised v\u00e4lispeeglid (soojendusega)<\/li>\n<li class=\"item\">Katuseluuk (klaasist)<\/li>\n<li class=\"item\">\u041a\u043b\u0438\u043c\u0430\u0442-\u043a\u043e\u043d\u0442\u0440\u043e\u043b\u044c<\/li>\n<li class=\"item\">\u041f\u043b\u0430\u0444\u043e\u043d\u044b \u043e\u0441\u0432\u0435\u0449\u0435\u043d\u0438\u044f<\/li>\n<li class=\"item\">\u041a\u0430\u043c\u0435\u0440\u0430 \u0437\u0430\u0434\u043d\u0435\u0433\u043e \u0432\u0438\u0434\u0430<\/li>\n<li class=\"item\">\u041a\u0440\u0443\u0438\u0437-\u043a\u043e\u043d\u0442\u0440\u043e\u043b\u044c<\/li>\n<li class=\"item\">\u0422\u043e\u043d\u0438\u0440\u043e\u0432\u0430\u043d\u043d\u044b\u0435 \u0441\u0442\u0435\u043a\u043b\u0430<\/li>\n<\/ul>\n<h3 class=\"heading full\">\u041e\u0431\u043e\u0440\u0443\u0434\u043e\u0432\u0430\u043d\u0438\u0435 \u0441\u0430\u043b\u043e\u043d\u0430<\/h3>\n<ul class=\"group full\">\n<li class=\"item\">2x elektriliselt reguleeritavad istmed<\/li>\n<li class=\"item\">\u0414\u0435\u043a\u043e\u0440\u0430\u0442\u0438\u0432\u043d\u044b\u0435 \u043c\u043e\u043b\u0434\u0438\u043d\u0433\u0438 \u0432 \u0441\u0430\u043b\u043e\u043d\u0435<\/li>\n<li class=\"item\">Istmed reguleeritava k\u00f5rgusega (juhiiste)<\/li>\n<li class=\"item\">Jalamatid (tekstiilist)<\/li>\n<li class=\"item\">K\u00e4etugi ees (laekaga)<\/li>\n<li class=\"item\">\u0417\u0430\u0434\u043d\u0438\u0439 \u043f\u043e\u0434\u043b\u043e\u043a\u043e\u0442\u043d\u0438\u043a<\/li>\n<li class=\"item\">\u041c\u043d\u043e\u0433\u043e\u0444\u0443\u043d\u043a\u0446\u0438\u043e\u043d\u0430\u043b\u044c\u043d\u044b\u0439 \u0440\u0443\u043b\u044c<\/li>\n<li class=\"item\">\u0420\u0443\u043b\u044c \u0441 \u043a\u043e\u0436\u0430\u043d\u043e\u0439 \u043e\u0442\u0434\u0435\u043b\u043a\u043e\u0439<\/li>\n<li class=\"item\">Poolnahkpolster<\/li>\n<li class=\"item\">\u0420\u0435\u0433\u0443\u043b\u0438\u0440\u0443\u0435\u043c\u0430\u044f \u0440\u0443\u043b\u0435\u0432\u0430\u044f \u043a\u043e\u043b\u043e\u043d\u043a\u0430 (\u0432\u044b\u0441\u043e\u0442\u0430 \u0438 \u0433\u043b\u0443\u0431\u0438\u043d\u0430)<\/li>\n<li class=\"item\">\u041f\u043e\u0434\u0441\u0442\u0430\u043a\u0430\u043d\u043d\u0438\u043a\u0438<\/li>\n<\/ul>\n<\/div>\n<div class=\"equipment col-2\">\n<h3 class=\"heading full\">\u0410\u0443\u0434\u0438\u043e, \u0432\u0438\u0434\u0435\u043e, \u0441\u0432\u044f\u0437\u044c<\/h3>\n<ul class=\"group full\">\n<li class=\"item\">\u0411\u043e\u0440\u0442\u043e\u0432\u043e\u0439 \u043a\u043e\u043c\u043f\u044c\u044e\u0442\u0435\u0440<\/li>\n<li class=\"item\">\u0414\u0438\u043d\u0430\u043c\u0438\u043a\u0438<\/li>\n<li class=\"item\">Stereo (CD, MP3, originaal)<\/li>\n<\/ul>\n<h3 class=\"heading full\">\u0428\u0438\u043d\u044b \u0438 \u0434\u0438\u0441\u043a\u0438<\/h3>\n<ul class=\"group full\">\n<li class=\"item\">Talverehvid (lamellrehvid)<\/li>\n<li class=\"item\">Valuveljed (R17, MB)<\/li>\n<\/ul>\n<h3 class=\"heading full\">\u0421\u0432\u0435\u0442<\/h3>\n<ul class=\"group full\">\n<li class=\"item\">\u041e\u043c\u044b\u0432\u0430\u0442\u0435\u043b\u0438 \u0444\u0430\u0440<\/li>\n<li class=\"item\">Kurvituled<\/li>\n<li class=\"item\">LED (p\u00e4evatuled, tagatuled)<\/li>\n<li class=\"item\">\u0410\u0432\u0442\u043e\u043c\u0430\u0442\u0438\u0447\u0435\u0441\u043a\u043e\u0435 \u0432\u043a\u043b\u044e\u0447\u0435\u043d\u0438\u0435 \u0434\u043d\u0435\u0432\u043d\u044b\u0445 \u0445\u043e\u0434\u043e\u0432\u044b\u0445 \u043e\u0433\u043d\u0435\u0439<\/li>\n<li class=\"item\">\u041a\u043e\u0440\u0440\u0435\u043a\u0442\u043e\u0440 \u0444\u0430\u0440<\/li>\n<li class=\"item\">\u041f\u0440\u043e\u0442\u0438\u0432\u043e\u0442\u0443\u043c\u0430\u043d\u043d\u044b\u0435 \u0444\u0430\u0440\u044b (\u043f\u0435\u0440\u0435\u0434\u043d\u0438\u0435, \u0437\u0430\u0434\u043d\u0438\u0435)<\/li>\n<li class=\"item\">Valgustuspakett<\/li>\n<li class=\"item\">Xenon (l\u00e4hituled)<\/li>\n<\/ul>\n<h3 class=\"heading full\">\u0414\u0440\u0443\u0433\u043e\u0435 \u043e\u0431\u043e\u0440\u0443\u0434\u043e\u0432\u0430\u043d\u0438\u0435<\/h3>\n<ul class=\"group full\">\n<li class=\"item\">12V \u0440\u043e\u0437\u0435\u0442\u043a\u0438<\/li>\n<li class=\"item\">Paigaldatud tulekustuti<\/li>\n<li class=\"item\">\u0411\u043e\u0440\u0442\u043e\u0432\u043e\u0439 \u0436\u0443\u0440\u043d\u0430\u043b<\/li>\n<li class=\"item\">\u041f\u043e\u0434\u043e\u0433\u0440\u0435\u0432 \u0437\u0430\u0434\u043d\u0435\u0433\u043e \u043e\u043a\u043d\u0430<\/li>\n<li class=\"item\">\u0423\u043a\u0430\u0437\u0430\u0442\u0435\u043b\u044c \u043d\u0430\u0440\u0443\u0436\u043d\u043e\u0439 \u0442\u0435\u043c\u043f\u0435\u0440\u0430\u0442\u0443\u0440\u044b<\/li>\n<li class=\"item\">Originaal va\u0308rv<\/li>\n<li class=\"item\">Originaal la\u0308biso\u0303it<\/li>\n<li class=\"item\">1 \u0432\u043b\u0430\u0434\u0435\u043b\u0435\u0446<\/li>\n<\/ul>\n<\/div>","protected":false},"author":1,"featured_media":0,"template":"","vehica_6654":[2073],"vehica_6655":[2338],"vehica_6659":[2326],"vehica_6660":[2618],"vehica_6657":[2475],"vehica_6661":[2076],"vehica_6662":[2313],"vehica_6663":[2480],"vehica_6666":[2347],"vehica_12770":[2399],"vehica_6670":[2555,2580,2556],"vehica_12723":[2572,2550,2620,2619,2574,2545],"class_list":["post-24888","vehica_car","type-vehica_car","status-publish","hentry","vehica_6654-kasutatud","vehica_6655-sedaan","vehica_6659-mercedes-benz","vehica_6660-c-220","vehica_6657-myydud","vehica_6661-tagavedu","vehica_6662-automaat","vehica_6663-diisel","vehica_6666-hobedane","vehica_12770-2399","vehica_6670-artevia-garantii","vehica_6670-teostatud-tehniline-kontroll-ja-hooldus","vehica_6670-vahetuse-voimalus-odavama-soiduki-vastu","vehica_12723-1-omanik","vehica_12723-artevia-garantii","vehica_12723-originaal-labisoit","vehica_12723-originaal-varv","vehica_12723-parkimisandurid","vehica_12723-pusikiiruse-hoidja"],"acf":[],"yoast_head":"<!-- This site is optimized with the Yoast SEO plugin v27.5 - https:\/\/yoast.com\/product\/yoast-seo-wordpress\/ -->\n<title>Mercedes-Benz C 220 AVANTGARDE FACELIFT 2.1 120kW - Artevia<\/title>\n<meta name=\"robots\" content=\"index, follow, max-snippet:-1, max-image-preview:large, max-video-preview:-1\" \/>\n<link rel=\"canonical\" href=\"https:\/\/artevia.ee\/ru\/listing\/mercedes-benz-c-220-avantgarde-facelift-2-1-120kw\/\" \/>\n<meta property=\"og:locale\" content=\"ru_RU\" \/>\n<meta property=\"og:type\" content=\"article\" \/>\n<meta property=\"og:title\" content=\"Mercedes-Benz C 220 AVANTGARDE FACELIFT 2.1 120kW - Artevia\" \/>\n<meta property=\"og:description\" content=\"TURVA- JA OHUTUSVARUSTUS ABS pidurid Immobilisaator ISOFIX lasteistme kinnitus Kesklukustus (puldiga) K\u00f5rvalistuja turvapadja v\u00e4ljal\u00fclitamise v\u00f5imalus Lisapidurituli Pidurdusj\u00f5ukontroll Rooliv\u00f5imendi (kiirustundlik) Stabiilsuskontroll Turvakardinad Turvapadi Veoj\u00f5ukontroll Vihmasensor MUGAVUSVARUSTUS 2x peeglid p\u00e4ikesesirmides (valgustusega) 4x elektrilised akende t\u00f5stukid Elektrilised v\u00e4lispeeglid (soojendusega) Katuseluuk (klaasist) Kliimaautomaatik Kohtvalgustid Parkimisandurid (ees, taga) P\u00fcsikiiruse hoidja Toonitud klaasid SISUSTUS 2x elektriliselt reguleeritavad istmed Iluliistud salongis Istmed [&hellip;]\" \/>\n<meta property=\"og:url\" content=\"https:\/\/artevia.ee\/ru\/listing\/mercedes-benz-c-220-avantgarde-facelift-2-1-120kw\/\" \/>\n<meta property=\"og:site_name\" content=\"Artevia\" \/>\n<meta property=\"article:publisher\" content=\"https:\/\/www.facebook.com\/Artevia.ee\" \/>\n<meta property=\"article:modified_time\" content=\"2024-05-29T07:27:39+00:00\" \/>\n<meta property=\"og:image\" content=\"https:\/\/artevia.ee\/wp-content\/uploads\/2023\/11\/SITE-OTSID-2.png\" \/>\n\t<meta property=\"og:image:width\" content=\"2560\" \/>\n\t<meta property=\"og:image:height\" content=\"2146\" \/>\n\t<meta property=\"og:image:type\" content=\"image\/png\" \/>\n<meta name=\"twitter:card\" content=\"summary_large_image\" \/>\n<meta name=\"twitter:label1\" content=\"\u041f\u0440\u0438\u043c\u0435\u0440\u043d\u043e\u0435 \u0432\u0440\u0435\u043c\u044f \u0434\u043b\u044f \u0447\u0442\u0435\u043d\u0438\u044f\" \/>\n\t<meta name=\"twitter:data1\" content=\"1 \u043c\u0438\u043d\u0443\u0442\u0430\" \/>\n<script type=\"application\/ld+json\" class=\"yoast-schema-graph\">{\"@context\":\"https:\\\/\\\/schema.org\",\"@graph\":[{\"@type\":\"WebPage\",\"@id\":\"https:\\\/\\\/artevia.ee\\\/listing\\\/mercedes-benz-c-220-avantgarde-facelift-2-1-120kw\\\/\",\"url\":\"https:\\\/\\\/artevia.ee\\\/listing\\\/mercedes-benz-c-220-avantgarde-facelift-2-1-120kw\\\/\",\"name\":\"Mercedes-Benz C 220 AVANTGARDE FACELIFT 2.1 120kW - Artevia\",\"isPartOf\":{\"@id\":\"https:\\\/\\\/artevia.ee\\\/#website\"},\"datePublished\":\"2024-01-18T10:01:30+00:00\",\"dateModified\":\"2024-05-29T07:27:39+00:00\",\"breadcrumb\":{\"@id\":\"https:\\\/\\\/artevia.ee\\\/listing\\\/mercedes-benz-c-220-avantgarde-facelift-2-1-120kw\\\/#breadcrumb\"},\"inLanguage\":\"ru-RU\",\"potentialAction\":[{\"@type\":\"ReadAction\",\"target\":[\"https:\\\/\\\/artevia.ee\\\/listing\\\/mercedes-benz-c-220-avantgarde-facelift-2-1-120kw\\\/\"]}]},{\"@type\":\"BreadcrumbList\",\"@id\":\"https:\\\/\\\/artevia.ee\\\/listing\\\/mercedes-benz-c-220-avantgarde-facelift-2-1-120kw\\\/#breadcrumb\",\"itemListElement\":[{\"@type\":\"ListItem\",\"position\":1,\"name\":\"Home\",\"item\":\"https:\\\/\\\/artevia.ee\\\/\"},{\"@type\":\"ListItem\",\"position\":2,\"name\":\"Kuulutused\",\"item\":\"https:\\\/\\\/artevia.ee\\\/search\\\/\"},{\"@type\":\"ListItem\",\"position\":3,\"name\":\"Mercedes-Benz\",\"item\":\"https:\\\/\\\/artevia.ee\\\/search\\\/mercedes-benz\\\/?\"},{\"@type\":\"ListItem\",\"position\":4,\"name\":\"Mercedes-Benz C 220 AVANTGARDE FACELIFT 2.1 120kW\"}]},{\"@type\":\"WebSite\",\"@id\":\"https:\\\/\\\/artevia.ee\\\/#website\",\"url\":\"https:\\\/\\\/artevia.ee\\\/\",\"name\":\"Artevia\",\"description\":\"Teie usaldusv&auml;&auml;rne partner kasutatud autode maailmas????\",\"publisher\":{\"@id\":\"https:\\\/\\\/artevia.ee\\\/#organization\"},\"alternateName\":\"artevia.ee\",\"potentialAction\":[{\"@type\":\"SearchAction\",\"target\":{\"@type\":\"EntryPoint\",\"urlTemplate\":\"https:\\\/\\\/artevia.ee\\\/?s={search_term_string}\"},\"query-input\":{\"@type\":\"PropertyValueSpecification\",\"valueRequired\":true,\"valueName\":\"search_term_string\"}}],\"inLanguage\":\"ru-RU\"},{\"@type\":\"Organization\",\"@id\":\"https:\\\/\\\/artevia.ee\\\/#organization\",\"name\":\"Artevia\",\"alternateName\":\"Artevia O\u00dc\",\"url\":\"https:\\\/\\\/artevia.ee\\\/\",\"logo\":{\"@type\":\"ImageObject\",\"inLanguage\":\"ru-RU\",\"@id\":\"https:\\\/\\\/artevia.ee\\\/#\\\/schema\\\/logo\\\/image\\\/\",\"url\":\"https:\\\/\\\/artevia.ee\\\/wp-content\\\/uploads\\\/2023\\\/10\\\/customcolor_logo_transparent_background.png\",\"contentUrl\":\"https:\\\/\\\/artevia.ee\\\/wp-content\\\/uploads\\\/2023\\\/10\\\/customcolor_logo_transparent_background.png\",\"width\":2560,\"height\":1536,\"caption\":\"Artevia\"},\"image\":{\"@id\":\"https:\\\/\\\/artevia.ee\\\/#\\\/schema\\\/logo\\\/image\\\/\"},\"sameAs\":[\"https:\\\/\\\/www.facebook.com\\\/Artevia.ee\",\"https:\\\/\\\/www.instagram.com\\\/artevia.ee\\\/\"]}]}<\/script>\n<!-- \/ Yoast SEO plugin. -->","yoast_head_json":{"title":"Mercedes-Benz C 220 AVANTGARDE FACELIFT 2.1 120kW - Artevia","robots":{"index":"index","follow":"follow","max-snippet":"max-snippet:-1","max-image-preview":"max-image-preview:large","max-video-preview":"max-video-preview:-1"},"canonical":"https:\/\/artevia.ee\/ru\/listing\/mercedes-benz-c-220-avantgarde-facelift-2-1-120kw\/","og_locale":"ru_RU","og_type":"article","og_title":"Mercedes-Benz C 220 AVANTGARDE FACELIFT 2.1 120kW - Artevia","og_description":"TURVA- JA OHUTUSVARUSTUS ABS pidurid Immobilisaator ISOFIX lasteistme kinnitus Kesklukustus (puldiga) K\u00f5rvalistuja turvapadja v\u00e4ljal\u00fclitamise v\u00f5imalus Lisapidurituli Pidurdusj\u00f5ukontroll Rooliv\u00f5imendi (kiirustundlik) Stabiilsuskontroll Turvakardinad Turvapadi Veoj\u00f5ukontroll Vihmasensor MUGAVUSVARUSTUS 2x peeglid p\u00e4ikesesirmides (valgustusega) 4x elektrilised akende t\u00f5stukid Elektrilised v\u00e4lispeeglid (soojendusega) Katuseluuk (klaasist) Kliimaautomaatik Kohtvalgustid Parkimisandurid (ees, taga) P\u00fcsikiiruse hoidja Toonitud klaasid SISUSTUS 2x elektriliselt reguleeritavad istmed Iluliistud salongis Istmed [&hellip;]","og_url":"https:\/\/artevia.ee\/ru\/listing\/mercedes-benz-c-220-avantgarde-facelift-2-1-120kw\/","og_site_name":"Artevia","article_publisher":"https:\/\/www.facebook.com\/Artevia.ee","article_modified_time":"2024-05-29T07:27:39+00:00","og_image":[{"width":2560,"height":2146,"url":"https:\/\/artevia.ee\/wp-content\/uploads\/2023\/11\/SITE-OTSID-2.png","type":"image\/png"}],"twitter_card":"summary_large_image","twitter_misc":{"\u041f\u0440\u0438\u043c\u0435\u0440\u043d\u043e\u0435 \u0432\u0440\u0435\u043c\u044f \u0434\u043b\u044f \u0447\u0442\u0435\u043d\u0438\u044f":"1 \u043c\u0438\u043d\u0443\u0442\u0430"},"schema":{"@context":"https:\/\/schema.org","@graph":[{"@type":"WebPage","@id":"https:\/\/artevia.ee\/listing\/mercedes-benz-c-220-avantgarde-facelift-2-1-120kw\/","url":"https:\/\/artevia.ee\/listing\/mercedes-benz-c-220-avantgarde-facelift-2-1-120kw\/","name":"Mercedes-Benz C 220 AVANTGARDE FACELIFT 2.1 120kW - Artevia","isPartOf":{"@id":"https:\/\/artevia.ee\/#website"},"datePublished":"2024-01-18T10:01:30+00:00","dateModified":"2024-05-29T07:27:39+00:00","breadcrumb":{"@id":"https:\/\/artevia.ee\/listing\/mercedes-benz-c-220-avantgarde-facelift-2-1-120kw\/#breadcrumb"},"inLanguage":"ru-RU","potentialAction":[{"@type":"ReadAction","target":["https:\/\/artevia.ee\/listing\/mercedes-benz-c-220-avantgarde-facelift-2-1-120kw\/"]}]},{"@type":"BreadcrumbList","@id":"https:\/\/artevia.ee\/listing\/mercedes-benz-c-220-avantgarde-facelift-2-1-120kw\/#breadcrumb","itemListElement":[{"@type":"ListItem","position":1,"name":"Home","item":"https:\/\/artevia.ee\/"},{"@type":"ListItem","position":2,"name":"Kuulutused","item":"https:\/\/artevia.ee\/search\/"},{"@type":"ListItem","position":3,"name":"Mercedes-Benz","item":"https:\/\/artevia.ee\/search\/mercedes-benz\/?"},{"@type":"ListItem","position":4,"name":"Mercedes-Benz C 220 AVANTGARDE FACELIFT 2.1 120kW"}]},{"@type":"WebSite","@id":"https:\/\/artevia.ee\/#website","url":"https:\/\/artevia.ee\/","name":"Artevia","description":"Teie usaldusv&auml;&auml;rne partner kasutatud autode maailmas????","publisher":{"@id":"https:\/\/artevia.ee\/#organization"},"alternateName":"artevia.ee","potentialAction":[{"@type":"SearchAction","target":{"@type":"EntryPoint","urlTemplate":"https:\/\/artevia.ee\/?s={search_term_string}"},"query-input":{"@type":"PropertyValueSpecification","valueRequired":true,"valueName":"search_term_string"}}],"inLanguage":"ru-RU"},{"@type":"Organization","@id":"https:\/\/artevia.ee\/#organization","name":"Artevia","alternateName":"Artevia O\u00dc","url":"https:\/\/artevia.ee\/","logo":{"@type":"ImageObject","inLanguage":"ru-RU","@id":"https:\/\/artevia.ee\/#\/schema\/logo\/image\/","url":"https:\/\/artevia.ee\/wp-content\/uploads\/2023\/10\/customcolor_logo_transparent_background.png","contentUrl":"https:\/\/artevia.ee\/wp-content\/uploads\/2023\/10\/customcolor_logo_transparent_background.png","width":2560,"height":1536,"caption":"Artevia"},"image":{"@id":"https:\/\/artevia.ee\/#\/schema\/logo\/image\/"},"sameAs":["https:\/\/www.facebook.com\/Artevia.ee","https:\/\/www.instagram.com\/artevia.ee\/"]}]}},"vehica_6656":{"vehica_currency_6656_2316":9900},"vehica_14696":"2013","vehica_6664":"186000","vehica_23684":"120","vehica_6665":"2.1","vehica_6671":"WDD2040021A828141","vehica_6673":[],"vehica_6674":{"url":"","embed":""},"vehica_16721":"","vehica_18820":[],"vehica_23948":"920MFT","_links":{"self":[{"href":"https:\/\/artevia.ee\/ru\/wp-json\/wp\/v2\/cars\/24888","targetHints":{"allow":["GET"]}}],"collection":[{"href":"https:\/\/artevia.ee\/ru\/wp-json\/wp\/v2\/cars"}],"about":[{"href":"https:\/\/artevia.ee\/ru\/wp-json\/wp\/v2\/types\/vehica_car"}],"author":[{"embeddable":true,"href":"https:\/\/artevia.ee\/ru\/wp-json\/wp\/v2\/users\/1"}],"wp:attachment":[{"href":"https:\/\/artevia.ee\/ru\/wp-json\/wp\/v2\/media?parent=24888"}],"wp:term":[{"taxonomy":"vehica_6654","embeddable":true,"href":"https:\/\/artevia.ee\/ru\/wp-json\/wp\/v2\/vehica_6654?post=24888"},{"taxonomy":"vehica_6655","embeddable":true,"href":"https:\/\/artevia.ee\/ru\/wp-json\/wp\/v2\/vehica_6655?post=24888"},{"taxonomy":"vehica_6659","embeddable":true,"href":"https:\/\/artevia.ee\/ru\/wp-json\/wp\/v2\/vehica_6659?post=24888"},{"taxonomy":"vehica_6660","embeddable":true,"href":"https:\/\/artevia.ee\/ru\/wp-json\/wp\/v2\/vehica_6660?post=24888"},{"taxonomy":"vehica_6657","embeddable":true,"href":"https:\/\/artevia.ee\/ru\/wp-json\/wp\/v2\/vehica_6657?post=24888"},{"taxonomy":"vehica_6661","embeddable":true,"href":"https:\/\/artevia.ee\/ru\/wp-json\/wp\/v2\/vehica_6661?post=24888"},{"taxonomy":"vehica_6662","embeddable":true,"href":"https:\/\/artevia.ee\/ru\/wp-json\/wp\/v2\/vehica_6662?post=24888"},{"taxonomy":"vehica_6663","embeddable":true,"href":"https:\/\/artevia.ee\/ru\/wp-json\/wp\/v2\/vehica_6663?post=24888"},{"taxonomy":"vehica_6666","embeddable":true,"href":"https:\/\/artevia.ee\/ru\/wp-json\/wp\/v2\/vehica_6666?post=24888"},{"taxonomy":"vehica_12770","embeddable":true,"href":"https:\/\/artevia.ee\/ru\/wp-json\/wp\/v2\/vehica_12770?post=24888"},{"taxonomy":"vehica_6670","embeddable":true,"href":"https:\/\/artevia.ee\/ru\/wp-json\/wp\/v2\/vehica_6670?post=24888"},{"taxonomy":"vehica_12723","embeddable":true,"href":"https:\/\/artevia.ee\/ru\/wp-json\/wp\/v2\/vehica_12723?post=24888"}],"curies":[{"name":"wp","href":"https:\/\/api.w.org\/{rel}","templated":true}]}}